{"version":"1.0","provider_name":"Le Grand Repas","provider_url":"https:\/\/archives.legrandrepas.fr\/2022","author_name":"M\u00e9lissa BRUNEAU","author_url":"https:\/\/archives.legrandrepas.fr\/2022","title":"Deux-S\u00e8vres et Vienne-2022 - Le Grand Repas","type":"rich","width":600,"height":338,"html":"<blockquote class=\"wp-embedded-content\" data-secret=\"hgPFd7UbWy\"><a href=\"https:\/\/archives.legrandrepas.fr\/2022\/territoires\/deux-sevres-et-vienne-2022\/\">Deux-S\u00e8vres et Vienne-2022<\/a><\/blockquote><iframe sandbox=\"allow-scripts\" security=\"restricted\" src=\"https:\/\/archives.legrandrepas.fr\/2022\/territoires\/deux-sevres-et-vienne-2022\/embed\/#?secret=hgPFd7UbWy\" width=\"600\" height=\"338\" title=\"\u00ab\u00a0Deux-S\u00e8vres et Vienne-2022\u00a0\u00bb &#8212; Le Grand Repas\" data-secret=\"hgPFd7UbWy\" frameborder=\"0\" marginwidth=\"0\" marginheight=\"0\" scrolling=\"no\" class=\"wp-embedded-content\"><\/iframe><script>\n\/*! This file is auto-generated *\/\n!function(d,l){\"use strict\";l.querySelector&&d.addEventListener&&\"undefined\"!=typeof URL&&(d.wp=d.wp||{},d.wp.receiveEmbedMessage||(d.wp.receiveEmbedMessage=function(e){var t=e.data;if((t||t.secret||t.message||t.value)&&!\/[^a-zA-Z0-9]\/.test(t.secret)){for(var s,r,n,a=l.querySelectorAll('iframe[data-secret=\"'+t.secret+'\"]'),o=l.querySelectorAll('blockquote[data-secret=\"'+t.secret+'\"]'),c=new RegExp(\"^https?:$\",\"i\"),i=0;i<o.length;i++)o[i].style.display=\"none\";for(i=0;i<a.length;i++)s=a[i],e.source===s.contentWindow&&(s.removeAttribute(\"style\"),\"height\"===t.message?(1e3<(r=parseInt(t.value,10))?r=1e3:~~r<200&&(r=200),s.height=r):\"link\"===t.message&&(r=new URL(s.getAttribute(\"src\")),n=new URL(t.value),c.test(n.protocol))&&n.host===r.host&&l.activeElement===s&&(d.top.location.href=t.value))}},d.addEventListener(\"message\",d.wp.receiveEmbedMessage,!1),l.addEventListener(\"DOMContentLoaded\",function(){for(var e,t,s=l.querySelectorAll(\"iframe.wp-embedded-content\"),r=0;r<s.length;r++)(t=(e=s[r]).getAttribute(\"data-secret\"))||(t=Math.random().toString(36).substring(2,12),e.src+=\"#?secret=\"+t,e.setAttribute(\"data-secret\",t)),e.contentWindow.postMessage({message:\"ready\",secret:t},\"*\")},!1)))}(window,document);\n\/\/# sourceURL=https:\/\/archives.legrandrepas.fr\/2022\/wp-includes\/js\/wp-embed.min.js\n<\/script>\n","thumbnail_url":"https:\/\/archives.legrandrepas.fr\/2022\/wp-content\/uploads\/2022\/07\/Deux-sevre-Vienne.webp","thumbnail_width":2560,"thumbnail_height":1707,"description":"Alexandre Prestat, parrain des Deux-S\u00e8vres et Vienne pour le Grand Repas. Chef autodidacte, il est pass\u00e9 dans les cuisines de nombreux restaurants gastronomiques. Aujourd'hui et depuis 10 ans, il est \u00e0 la t\u00eate de son restaurant \u00e0 Parthenay."}